{"id":129,"date":"2016-06-28T21:24:30","date_gmt":"2016-06-28T21:24:30","guid":{"rendered":"http:\/\/www.mindsas.com\/alvaralice-wp\/?page_id=129"},"modified":"2020-02-18T20:55:44","modified_gmt":"2020-02-18T20:55:44","slug":"partners","status":"publish","type":"page","link":"https:\/\/alvaralice.org\/en\/the-foundation\/partners\/","title":{"rendered":"Partners"},"content":{"rendered":"<p>[vc_row][vc_column][vc_column_text]<\/p>\n<h3 style=\"text-align: center;\">Partners public sector<\/h3>\n<ul class=\"aliados\">\n<li><a href=\"https:\/\/id.presidencia.gov.co\/Paginas\/presidencia.aspx\"><img decoding=\"async\" class=\"alignnone wp-image-282 size-full\" src=\"https:\/\/alvaralice.org\/wp-content\/uploads\/2016\/06\/presidencia-de-la-republica.jpg\" alt=\"presidencia de la republica\" width=\"340\" height=\"71\" srcset=\"https:\/\/alvaralice.org\/wp-content\/uploads\/sites\/2\/2016\/06\/presidencia-de-la-republica.jpg 340w, https:\/\/alvaralice.org\/wp-content\/uploads\/sites\/2\/2016\/06\/presidencia-de-la-republica-300x63.jpg 300w\" sizes=\"(max-width: 340px) 100vw, 340px\" \/><\/a><\/li>\n<li><a href=\"http:\/\/mlr.vicepresidencia.gov.co\/\"><img decoding=\"async\" class=\"alignnone wp-image-286 size-full\" src=\"https:\/\/alvaralice.org\/wp-content\/uploads\/2016\/06\/viceprecidencia.jpg\" alt=\"viceprecidencia\" width=\"225\" height=\"63\" \/><\/a><\/li>\n<li><a href=\"http:\/\/www.dps.gov.co\/Paginas\/Inicio.aspx\"><img decoding=\"async\" class=\"alignnone wp-image-283 size-full\" src=\"https:\/\/alvaralice.org\/wp-content\/uploads\/2016\/06\/prosperidad-social.jpg\" alt=\"\" width=\"270\" height=\"64\" \/><\/a><\/li>\n<li><img loading=\"lazy\" decoding=\"async\" class=\"alignnone wp-image-284 size-full\" src=\"http:\/\/alvaralice.org\/wp-content\/uploads\/2016\/06\/todos-por-un-nuevo-pais.jpg\" width=\"179\" height=\"93\" \/><\/li>\n<li><a href=\"https:\/\/www.apccolombia.gov.co\/\"><img loading=\"lazy\" decoding=\"async\" class=\"alignnone wp-image-272 size-full\" src=\"https:\/\/alvaralice.org\/wp-content\/uploads\/2016\/06\/agencia-presidencial-de-cooperacion-internacional-de-colombia.jpg\" alt=\"\" width=\"255\" height=\"100\" \/><\/a><\/li>\n<li><a href=\"http:\/\/www.mincultura.gov.co\/Paginas\/default.aspx\"><img loading=\"lazy\" decoding=\"async\" class=\"alignnone wp-image-278 size-full\" src=\"https:\/\/alvaralice.org\/wp-content\/uploads\/2016\/06\/mincultura.jpg\" alt=\"\" width=\"187\" height=\"79\" \/><\/a><\/li>\n<li><a href=\"https:\/\/www.mineducacion.gov.co\/1759\/w3-channel.html?_noredirect=1\"><img loading=\"lazy\" decoding=\"async\" class=\"alignnone wp-image-279 size-full\" src=\"https:\/\/alvaralice.org\/wp-content\/uploads\/2016\/06\/mineducacion.jpg\" alt=\"\" width=\"210\" height=\"82\" \/><\/a><\/li>\n<li><a href=\"https:\/\/www.mintic.gov.co\/portal\/604\/w3-channel.html\"><img loading=\"lazy\" decoding=\"async\" class=\"alignnone wp-image-281 size-full\" src=\"https:\/\/alvaralice.org\/wp-content\/uploads\/2016\/06\/mintic.jpg\" alt=\"\" width=\"169\" height=\"85\" \/><\/a><\/li>\n<li><a href=\"https:\/\/www.minjusticia.gov.co\/?nomo=1\"><img loading=\"lazy\" decoding=\"async\" class=\"alignnone wp-image-280 size-full\" src=\"https:\/\/alvaralice.org\/wp-content\/uploads\/2016\/06\/minjusticia.jpg\" alt=\"\" width=\"198\" height=\"88\" \/><\/a><\/li>\n<li><img loading=\"lazy\" decoding=\"async\" class=\"alignnone wp-image-274 size-full\" src=\"http:\/\/alvaralice.org\/wp-content\/uploads\/2016\/06\/ecopetrol.jpg\" width=\"190\" height=\"104\" \/><\/li>\n<li><img loading=\"lazy\" decoding=\"async\" class=\"alignnone wp-image-276 size-full\" src=\"http:\/\/alvaralice.org\/wp-content\/uploads\/2016\/06\/gobernacion-valle-del-cauca.jpg\" width=\"111\" height=\"107\" \/><\/li>\n<li><img loading=\"lazy\" decoding=\"async\" class=\"alignnone wp-image-273 size-full\" src=\"http:\/\/alvaralice.org\/wp-content\/uploads\/2016\/06\/alcaldia-de-santiago-de-cali.jpg\" width=\"113\" height=\"125\" \/><\/li>\n<li><img loading=\"lazy\" decoding=\"async\" class=\"alignnone wp-image-277 size-full\" src=\"http:\/\/alvaralice.org\/wp-content\/uploads\/2016\/06\/instituto-popular-de-colombia.jpg\" width=\"278\" height=\"114\" \/><\/li>\n<li><img loading=\"lazy\" decoding=\"async\" class=\"alignnone wp-image-275 size-full\" src=\"http:\/\/alvaralice.org\/wp-content\/uploads\/2016\/06\/emcali.jpg\" width=\"98\" height=\"119\" \/><\/li>\n<li><img loading=\"lazy\" decoding=\"async\" class=\"alignnone wp-image-285 size-full\" src=\"http:\/\/alvaralice.org\/wp-content\/uploads\/2016\/06\/univalle.jpg\" width=\"100\" height=\"123\" \/><\/li>\n<\/ul>\n<p>&nbsp;<\/p>\n<h3 style=\"text-align: center;\">Partners international<\/h3>\n<ul class=\"aliados\">\n<li><img loading=\"lazy\" decoding=\"async\" class=\"alignnone wp-image-300 size-full\" src=\"http:\/\/alvaralice.org\/wp-content\/uploads\/2016\/06\/usaid.jpg\" width=\"261\" height=\"126\" \/><\/li>\n<li><img loading=\"lazy\" decoding=\"async\" class=\"alignnone wp-image-321 size-full\" src=\"http:\/\/alvaralice.org\/wp-content\/uploads\/2016\/06\/iom-oim.jpg\" width=\"141\" height=\"147\" \/><\/li>\n<li><img loading=\"lazy\" decoding=\"async\" class=\"alignnone wp-image-294 size-full\" src=\"http:\/\/alvaralice.org\/wp-content\/uploads\/2016\/06\/pnud.jpg\" width=\"60\" height=\"126\" \/><\/li>\n<li><img loading=\"lazy\" decoding=\"async\" class=\"alignnone wp-image-299 size-full\" src=\"http:\/\/alvaralice.org\/wp-content\/uploads\/2016\/06\/the-world-bank.jpg\" width=\"371\" height=\"115\" srcset=\"https:\/\/alvaralice.org\/wp-content\/uploads\/sites\/2\/2016\/06\/the-world-bank.jpg 371w, https:\/\/alvaralice.org\/wp-content\/uploads\/sites\/2\/2016\/06\/the-world-bank-300x93.jpg 300w\" sizes=\"(max-width: 371px) 100vw, 371px\" \/><\/li>\n<li><img loading=\"lazy\" decoding=\"async\" class=\"alignnone wp-image-303 size-full\" src=\"http:\/\/alvaralice.org\/wp-content\/uploads\/2016\/06\/bid.jpg\" width=\"263\" height=\"117\" \/><\/li>\n<li><img loading=\"lazy\" decoding=\"async\" class=\"alignnone wp-image-301 size-full\" src=\"http:\/\/alvaralice.org\/wp-content\/uploads\/2016\/06\/acdi-voca.jpg\" width=\"299\" height=\"88\" \/><\/li>\n<li><img loading=\"lazy\" decoding=\"async\" class=\"alignnone wp-image-319 size-full\" src=\"http:\/\/alvaralice.org\/wp-content\/uploads\/2016\/06\/international-finance-corporation.jpg\" width=\"247\" height=\"71\" \/><\/li>\n<li><img loading=\"lazy\" decoding=\"async\" class=\"alignnone wp-image-302 size-full\" src=\"http:\/\/alvaralice.org\/wp-content\/uploads\/2016\/06\/banco-de-desarrollo-de-america-latina.jpg\" width=\"426\" height=\"84\" srcset=\"https:\/\/alvaralice.org\/wp-content\/uploads\/sites\/2\/2016\/06\/banco-de-desarrollo-de-america-latina.jpg 426w, https:\/\/alvaralice.org\/wp-content\/uploads\/sites\/2\/2016\/06\/banco-de-desarrollo-de-america-latina-300x59.jpg 300w\" sizes=\"(max-width: 426px) 100vw, 426px\" \/><\/li>\n<li><img loading=\"lazy\" decoding=\"async\" class=\"alignnone wp-image-308 size-full\" src=\"http:\/\/alvaralice.org\/wp-content\/uploads\/2016\/06\/embajada-britanica-bogota.jpg\" width=\"153\" height=\"114\" \/><\/li>\n<li><img loading=\"lazy\" decoding=\"async\" class=\"alignnone wp-image-309 size-full\" src=\"http:\/\/alvaralice.org\/wp-content\/uploads\/2016\/06\/embajada-reino-de-los-paises-bajos.jpg\" width=\"269\" height=\"83\" \/><\/li>\n<li><img loading=\"lazy\" decoding=\"async\" class=\"alignnone wp-image-311 size-full\" src=\"http:\/\/alvaralice.org\/wp-content\/uploads\/2016\/06\/Fondo-sueco-noruego-de-cooperacion-con-la-sociedad-civil-colombiana.jpg\" width=\"183\" height=\"84\" \/><\/li>\n<li><img loading=\"lazy\" decoding=\"async\" class=\"alignnone wp-image-304 size-full\" src=\"http:\/\/alvaralice.org\/wp-content\/uploads\/2016\/06\/brysam.jpg\" width=\"270\" height=\"96\" \/><\/li>\n<li><img loading=\"lazy\" decoding=\"async\" class=\"alignnone wp-image-307 size-full\" src=\"http:\/\/alvaralice.org\/wp-content\/uploads\/2016\/06\/credit-suisse.jpg\" width=\"343\" height=\"97\" srcset=\"https:\/\/alvaralice.org\/wp-content\/uploads\/sites\/2\/2016\/06\/credit-suisse.jpg 343w, https:\/\/alvaralice.org\/wp-content\/uploads\/sites\/2\/2016\/06\/credit-suisse-300x85.jpg 300w\" sizes=\"(max-width: 343px) 100vw, 343px\" \/><\/li>\n<li><img loading=\"lazy\" decoding=\"async\" class=\"alignnone wp-image-318 size-full\" src=\"http:\/\/alvaralice.org\/wp-content\/uploads\/2016\/06\/intel-computer-clubhouse-network.jpg\" width=\"187\" height=\"103\" \/><\/li>\n<li><img loading=\"lazy\" decoding=\"async\" class=\"alignnone wp-image-322 size-full\" src=\"http:\/\/alvaralice.org\/wp-content\/uploads\/2016\/06\/jp-morgan.jpg\" width=\"142\" height=\"64\" \/><\/li>\n<li><img loading=\"lazy\" decoding=\"async\" class=\"alignnone wp-image-323 size-full\" src=\"http:\/\/alvaralice.org\/wp-content\/uploads\/2016\/06\/microsoft.jpg\" width=\"326\" height=\"84\" srcset=\"https:\/\/alvaralice.org\/wp-content\/uploads\/sites\/2\/2016\/06\/microsoft.jpg 326w, https:\/\/alvaralice.org\/wp-content\/uploads\/sites\/2\/2016\/06\/microsoft-300x77.jpg 300w\" sizes=\"(max-width: 326px) 100vw, 326px\" \/><\/li>\n<li><img loading=\"lazy\" decoding=\"async\" class=\"alignnone wp-image-326 size-full\" src=\"http:\/\/alvaralice.org\/wp-content\/uploads\/2016\/06\/planet-finance.jpg\" width=\"326\" height=\"127\" srcset=\"https:\/\/alvaralice.org\/wp-content\/uploads\/sites\/2\/2016\/06\/planet-finance.jpg 326w, https:\/\/alvaralice.org\/wp-content\/uploads\/sites\/2\/2016\/06\/planet-finance-300x117.jpg 300w\" sizes=\"(max-width: 326px) 100vw, 326px\" \/><\/li>\n<li><img loading=\"lazy\" decoding=\"async\" class=\"alignnone wp-image-306 size-full\" src=\"http:\/\/alvaralice.org\/wp-content\/uploads\/2016\/06\/citpax.jpg\" width=\"207\" height=\"68\" \/><\/li>\n<li><img loading=\"lazy\" decoding=\"async\" class=\"alignnone wp-image-305 size-full\" src=\"http:\/\/alvaralice.org\/wp-content\/uploads\/2016\/06\/children-of-the-andes.jpg\" width=\"108\" height=\"120\" \/><\/li>\n<li><img loading=\"lazy\" decoding=\"async\" class=\"alignnone wp-image-312 size-full\" src=\"http:\/\/alvaralice.org\/wp-content\/uploads\/2016\/06\/ford-foundation.jpg\" width=\"305\" height=\"87\" srcset=\"https:\/\/alvaralice.org\/wp-content\/uploads\/sites\/2\/2016\/06\/ford-foundation.jpg 305w, https:\/\/alvaralice.org\/wp-content\/uploads\/sites\/2\/2016\/06\/ford-foundation-300x86.jpg 300w\" sizes=\"(max-width: 305px) 100vw, 305px\" \/><\/li>\n<li><img loading=\"lazy\" decoding=\"async\" class=\"alignnone wp-image-310 size-full\" src=\"http:\/\/alvaralice.org\/wp-content\/uploads\/2016\/06\/ffp.jpg\" width=\"203\" height=\"68\" \/><\/li>\n<li><img loading=\"lazy\" decoding=\"async\" class=\"alignnone wp-image-297 size-full\" src=\"http:\/\/alvaralice.org\/wp-content\/uploads\/2016\/06\/tfi-tinker-foundation-incorporated.jpg\" width=\"115\" height=\"128\" \/><\/li>\n<li><img loading=\"lazy\" decoding=\"async\" class=\"alignnone wp-image-314 size-full\" src=\"http:\/\/alvaralice.org\/wp-content\/uploads\/2016\/06\/give-to-colombia.jpg\" width=\"189\" height=\"110\" \/><\/li>\n<li><img loading=\"lazy\" decoding=\"async\" class=\"alignnone wp-image-315 size-full\" src=\"http:\/\/alvaralice.org\/wp-content\/uploads\/2016\/06\/grameen-foundation.jpg\" width=\"250\" height=\"113\" \/><\/li>\n<li><img loading=\"lazy\" decoding=\"async\" class=\"alignnone wp-image-298 size-full\" src=\"http:\/\/alvaralice.org\/wp-content\/uploads\/2016\/06\/the-william-and-flora-hewlett-foundation.jpg\" width=\"218\" height=\"87\" \/><\/li>\n<li><img loading=\"lazy\" decoding=\"async\" class=\"alignnone wp-image-316 size-full\" src=\"http:\/\/alvaralice.org\/wp-content\/uploads\/2016\/06\/hunt-alternatives-fund.jpg\" width=\"239\" height=\"105\" \/><\/li>\n<li><img loading=\"lazy\" decoding=\"async\" class=\"alignnone wp-image-317 size-full\" src=\"http:\/\/alvaralice.org\/wp-content\/uploads\/2016\/06\/ifcjp.jpg\" width=\"88\" height=\"37\" \/><\/li>\n<li><img loading=\"lazy\" decoding=\"async\" class=\"alignnone wp-image-320 size-full\" src=\"http:\/\/alvaralice.org\/wp-content\/uploads\/2016\/06\/international-youth-foundation.jpg\" width=\"197\" height=\"92\" \/><\/li>\n<li><img loading=\"lazy\" decoding=\"async\" class=\"alignnone wp-image-324 size-full\" src=\"http:\/\/alvaralice.org\/wp-content\/uploads\/2016\/06\/open-society-foundations.jpg\" width=\"310\" height=\"88\" srcset=\"https:\/\/alvaralice.org\/wp-content\/uploads\/sites\/2\/2016\/06\/open-society-foundations.jpg 310w, https:\/\/alvaralice.org\/wp-content\/uploads\/sites\/2\/2016\/06\/open-society-foundations-300x85.jpg 300w\" sizes=\"(max-width: 310px) 100vw, 310px\" \/><\/li>\n<li><img loading=\"lazy\" decoding=\"async\" class=\"alignnone wp-image-325 size-full\" src=\"http:\/\/alvaralice.org\/wp-content\/uploads\/2016\/06\/plan-international.jpg\" width=\"226\" height=\"70\" \/><\/li>\n<li><img loading=\"lazy\" decoding=\"async\" class=\"alignnone wp-image-313 size-full\" src=\"http:\/\/alvaralice.org\/wp-content\/uploads\/2016\/06\/fundacionses.jpg\" width=\"267\" height=\"80\" \/><\/li>\n<li><img loading=\"lazy\" decoding=\"async\" class=\"alignnone wp-image-295 size-full\" src=\"http:\/\/alvaralice.org\/wp-content\/uploads\/2016\/06\/synergos.jpg\" width=\"291\" height=\"82\" \/><\/li>\n<li><img loading=\"lazy\" decoding=\"async\" class=\"alignnone wp-image-296 size-full\" src=\"http:\/\/alvaralice.org\/wp-content\/uploads\/2016\/06\/terre-des-hommes.jpg\" width=\"353\" height=\"73\" srcset=\"https:\/\/alvaralice.org\/wp-content\/uploads\/sites\/2\/2016\/06\/terre-des-hommes.jpg 353w, https:\/\/alvaralice.org\/wp-content\/uploads\/sites\/2\/2016\/06\/terre-des-hommes-300x62.jpg 300w\" sizes=\"(max-width: 353px) 100vw, 353px\" \/><\/li>\n<\/ul>\n<p>&nbsp;<\/p>\n<h3 style=\"text-align: center;\">Partners Private Sector<\/h3>\n<ul class=\"aliados\">\n<li><img loading=\"lazy\" decoding=\"async\" class=\"alignnone size-full wp-image-335\" src=\"http:\/\/alvaralice.org\/wp-content\/uploads\/2016\/06\/agrocalima.jpg\" alt=\"agrocalima\" width=\"185\" height=\"41\" \/><\/li>\n<li><img loading=\"lazy\" decoding=\"async\" class=\"alignnone wp-image-336 size-full\" src=\"http:\/\/alvaralice.org\/wp-content\/uploads\/2016\/06\/avaya.jpg\" width=\"220\" height=\"66\" \/><\/li>\n<li><img loading=\"lazy\" decoding=\"async\" class=\"alignnone wp-image-337 size-full\" src=\"http:\/\/alvaralice.org\/wp-content\/uploads\/2016\/06\/azurita.jpg\" width=\"364\" height=\"85\" srcset=\"https:\/\/alvaralice.org\/wp-content\/uploads\/sites\/2\/2016\/06\/azurita.jpg 364w, https:\/\/alvaralice.org\/wp-content\/uploads\/sites\/2\/2016\/06\/azurita-300x70.jpg 300w\" sizes=\"(max-width: 364px) 100vw, 364px\" \/><\/li>\n<li><img loading=\"lazy\" decoding=\"async\" class=\"alignnone wp-image-338 size-full\" src=\"http:\/\/alvaralice.org\/wp-content\/uploads\/2016\/06\/banco-wwb.jpg\" width=\"171\" height=\"96\" \/><\/li>\n<li><img loading=\"lazy\" decoding=\"async\" class=\"alignnone wp-image-339 size-full\" src=\"http:\/\/alvaralice.org\/wp-content\/uploads\/2016\/06\/belleza-express.jpg\" width=\"174\" height=\"97\" \/><\/li>\n<li><img loading=\"lazy\" decoding=\"async\" class=\"alignnone wp-image-340 size-full\" src=\"http:\/\/alvaralice.org\/wp-content\/uploads\/2016\/06\/camara-de-comercio-de-cali.jpg\" width=\"244\" height=\"72\" \/><\/li>\n<li><img loading=\"lazy\" decoding=\"async\" class=\"alignnone size-full wp-image-3875\" src=\"https:\/\/www.alvaralice.org\/wp-content\/uploads\/2020\/02\/alvaralice_camara_de_comercio_de_bogota.jpg\" alt=\"\" width=\"241\" height=\"97\" \/><\/li>\n<li><img loading=\"lazy\" decoding=\"async\" class=\"alignnone wp-image-341 size-full\" src=\"http:\/\/alvaralice.org\/wp-content\/uploads\/2016\/06\/canal-cartagena.jpg\" width=\"383\" height=\"109\" srcset=\"https:\/\/alvaralice.org\/wp-content\/uploads\/sites\/2\/2016\/06\/canal-cartagena.jpg 383w, https:\/\/alvaralice.org\/wp-content\/uploads\/sites\/2\/2016\/06\/canal-cartagena-300x85.jpg 300w\" sizes=\"(max-width: 383px) 100vw, 383px\" \/><\/li>\n<li><img loading=\"lazy\" decoding=\"async\" class=\"alignnone wp-image-2554\" src=\"http:\/\/alvaralice.org\/wp-content\/uploads\/2016\/06\/logo-comfandi-color-2.png\" alt=\"logo comfandi color 2\" width=\"214\" height=\"67\" \/><\/li>\n<li><img loading=\"lazy\" decoding=\"async\" class=\"alignnone wp-image-342 size-full\" src=\"http:\/\/alvaralice.org\/wp-content\/uploads\/2016\/06\/centro-cultural-colombo-americano.jpg\" width=\"267\" height=\"104\" \/><\/li>\n<li><img loading=\"lazy\" decoding=\"async\" class=\"alignnone wp-image-343 size-full\" src=\"http:\/\/alvaralice.org\/wp-content\/uploads\/2016\/06\/cine-colombia.jpg\" width=\"136\" height=\"103\" \/><\/li>\n<li><img loading=\"lazy\" decoding=\"async\" class=\"alignnone wp-image-344 size-full\" src=\"http:\/\/alvaralice.org\/wp-content\/uploads\/2016\/06\/ciro-cabal-agropecuaria-clima.jpg\" width=\"211\" height=\"59\" \/><\/li>\n<li><img loading=\"lazy\" decoding=\"async\" class=\"alignnone wp-image-345 size-full\" src=\"http:\/\/alvaralice.org\/wp-content\/uploads\/2016\/06\/constructora-melendez.jpg\" width=\"301\" height=\"99\" srcset=\"https:\/\/alvaralice.org\/wp-content\/uploads\/sites\/2\/2016\/06\/constructora-melendez.jpg 301w, https:\/\/alvaralice.org\/wp-content\/uploads\/sites\/2\/2016\/06\/constructora-melendez-300x99.jpg 300w\" sizes=\"(max-width: 301px) 100vw, 301px\" \/><\/li>\n<li><img loading=\"lazy\" decoding=\"async\" class=\"alignnone wp-image-350 size-full\" src=\"http:\/\/alvaralice.org\/wp-content\/uploads\/2016\/06\/el-pais.jpg\" width=\"210\" height=\"61\" \/><\/li>\n<li><img loading=\"lazy\" decoding=\"async\" class=\"alignnone wp-image-3890 size-full\" src=\"https:\/\/www.alvaralice.org\/wp-content\/uploads\/2020\/02\/alvaralice_el_tiempo-1.jpg\" alt=\"\" width=\"245\" height=\"105\" \/><\/li>\n<li><img loading=\"lazy\" decoding=\"async\" class=\"alignnone wp-image-347 size-full\" src=\"http:\/\/alvaralice.org\/wp-content\/uploads\/2016\/06\/diconsultoria-ingenieros.jpg\" width=\"217\" height=\"85\" \/><\/li>\n<li><img loading=\"lazy\" decoding=\"async\" class=\"alignnone wp-image-372 size-full\" src=\"http:\/\/alvaralice.org\/wp-content\/uploads\/2016\/06\/diseno-de-moda-nancy-gonzalez.jpg\" width=\"182\" height=\"64\" \/><\/li>\n<li><img loading=\"lazy\" decoding=\"async\" class=\"alignnone wp-image-349 size-full\" src=\"http:\/\/alvaralice.org\/wp-content\/uploads\/2016\/06\/ediciones-santa-maria.jpg\" width=\"139\" height=\"54\" \/><\/li>\n<li><img loading=\"lazy\" decoding=\"async\" class=\"alignnone wp-image-352 size-full\" src=\"http:\/\/alvaralice.org\/wp-content\/uploads\/2016\/06\/estrumetal-estructuras-metalicas.jpg\" width=\"127\" height=\"120\" \/><\/li>\n<li><img loading=\"lazy\" decoding=\"async\" class=\"alignnone wp-image-353 size-full\" src=\"http:\/\/alvaralice.org\/wp-content\/uploads\/2016\/06\/funcicar.jpg\" width=\"92\" height=\"91\" \/><\/li>\n<li><img loading=\"lazy\" decoding=\"async\" class=\"alignnone wp-image-354 size-full\" src=\"http:\/\/alvaralice.org\/wp-content\/uploads\/2016\/06\/gdo-fundacion.jpg\" width=\"156\" height=\"125\" \/><\/li>\n<li><img loading=\"lazy\" decoding=\"async\" class=\"alignnone wp-image-355 size-full\" src=\"http:\/\/alvaralice.org\/wp-content\/uploads\/2016\/06\/grupo-pichucho.jpg\" width=\"110\" height=\"54\" \/><\/li>\n<li><img loading=\"lazy\" decoding=\"async\" class=\"alignnone wp-image-356 size-full\" src=\"http:\/\/alvaralice.org\/wp-content\/uploads\/2016\/06\/harinera-del-valle.jpg\" width=\"279\" height=\"73\" \/><\/li>\n<li><img loading=\"lazy\" decoding=\"async\" class=\"alignnone wp-image-357 size-full\" src=\"http:\/\/alvaralice.org\/wp-content\/uploads\/2016\/06\/holguin-ramos-sc30.jpg\" width=\"182\" height=\"62\" \/><\/li>\n<li><img loading=\"lazy\" decoding=\"async\" class=\"alignnone wp-image-358 size-full\" src=\"http:\/\/alvaralice.org\/wp-content\/uploads\/2016\/06\/homecenter.jpg\" width=\"147\" height=\"45\" \/><\/li>\n<li><img loading=\"lazy\" decoding=\"async\" class=\"alignnone wp-image-360 size-full\" src=\"http:\/\/alvaralice.org\/wp-content\/uploads\/2016\/06\/iluminaciones-tecnicas.jpg\" width=\"306\" height=\"91\" srcset=\"https:\/\/alvaralice.org\/wp-content\/uploads\/sites\/2\/2016\/06\/iluminaciones-tecnicas.jpg 306w, https:\/\/alvaralice.org\/wp-content\/uploads\/sites\/2\/2016\/06\/iluminaciones-tecnicas-300x89.jpg 300w\" sizes=\"(max-width: 306px) 100vw, 306px\" \/><\/li>\n<li><img loading=\"lazy\" decoding=\"async\" class=\"alignnone wp-image-359 size-full\" src=\"http:\/\/alvaralice.org\/wp-content\/uploads\/2016\/06\/iecltda.jpg\" width=\"156\" height=\"77\" \/><\/li>\n<li><img loading=\"lazy\" decoding=\"async\" class=\"alignnone wp-image-361 size-full\" src=\"http:\/\/alvaralice.org\/wp-content\/uploads\/2016\/06\/ingenio-del-cauca-sa.jpg\" width=\"130\" height=\"54\" \/><\/li>\n<li><img loading=\"lazy\" decoding=\"async\" class=\"alignnone wp-image-369 size-full\" src=\"http:\/\/alvaralice.org\/wp-content\/uploads\/2016\/06\/manuelita.jpg\" width=\"168\" height=\"98\" \/><\/li>\n<li><img loading=\"lazy\" decoding=\"async\" class=\"alignnone wp-image-370 size-full\" src=\"http:\/\/alvaralice.org\/wp-content\/uploads\/2016\/06\/mayaguez.jpg\" width=\"116\" height=\"99\" \/><\/li>\n<li><img loading=\"lazy\" decoding=\"async\" class=\"alignnone wp-image-362 size-full\" src=\"http:\/\/alvaralice.org\/wp-content\/uploads\/2016\/06\/ingenio-pichichi.jpg\" width=\"200\" height=\"120\" \/><\/li>\n<li><img loading=\"lazy\" decoding=\"async\" class=\"alignnone wp-image-363 size-full\" src=\"http:\/\/alvaralice.org\/wp-content\/uploads\/2016\/06\/ingenio-providencia.jpg\" width=\"201\" height=\"73\" \/><\/li>\n<li><img loading=\"lazy\" decoding=\"async\" class=\"alignnone wp-image-364 size-full\" src=\"http:\/\/alvaralice.org\/wp-content\/uploads\/2016\/06\/ingenio-riopaila-castilla.jpg\" width=\"189\" height=\"54\" \/><\/li>\n<li><img loading=\"lazy\" decoding=\"async\" class=\"alignnone wp-image-365 size-full\" src=\"http:\/\/alvaralice.org\/wp-content\/uploads\/2016\/06\/isan.jpg\" width=\"227\" height=\"93\" \/><\/li>\n<li><img loading=\"lazy\" decoding=\"async\" class=\"alignnone wp-image-366 size-full\" src=\"http:\/\/alvaralice.org\/wp-content\/uploads\/2016\/06\/jgb.jpg\" width=\"101\" height=\"88\" \/><\/li>\n<li><img loading=\"lazy\" decoding=\"async\" class=\"alignnone wp-image-367 size-full\" src=\"http:\/\/alvaralice.org\/wp-content\/uploads\/2016\/06\/ladrilleria-melendez.jpg\" width=\"295\" height=\"97\" \/><\/li>\n<li><img loading=\"lazy\" decoding=\"async\" class=\"alignnone wp-image-368 size-full\" src=\"http:\/\/alvaralice.org\/wp-content\/uploads\/2016\/06\/latco.jpg\" width=\"342\" height=\"58\" srcset=\"https:\/\/alvaralice.org\/wp-content\/uploads\/sites\/2\/2016\/06\/latco.jpg 342w, https:\/\/alvaralice.org\/wp-content\/uploads\/sites\/2\/2016\/06\/latco-300x51.jpg 300w\" sizes=\"(max-width: 342px) 100vw, 342px\" \/><\/li>\n<li><img loading=\"lazy\" decoding=\"async\" class=\"alignnone wp-image-334 size-full\" src=\"http:\/\/alvaralice.org\/wp-content\/uploads\/2016\/06\/90-minutos.jpg\" width=\"107\" height=\"78\" \/><\/li>\n<li><a href=\"http:\/\/alvaralice.org\/wp-content\/uploads\/2016\/06\/pallomaro-1.jpg\"><img loading=\"lazy\" decoding=\"async\" class=\"size-full wp-image-2004 alignnone\" src=\"http:\/\/alvaralice.org\/wp-content\/uploads\/2016\/06\/pallomaro-1.jpg\" alt=\"pallomaro\" width=\"180\" height=\"77\" \/><\/a><\/li>\n<li><a href=\"http:\/\/alvaralice.org\/wp-content\/uploads\/2016\/06\/1corona-logo.jpg\"><img loading=\"lazy\" decoding=\"async\" class=\"alignnone size-full wp-image-2009\" src=\"http:\/\/alvaralice.org\/wp-content\/uploads\/2016\/06\/1corona-logo.jpg\" alt=\"1corona-logo\" width=\"297\" height=\"77\" \/><\/a><\/li>\n<li><img loading=\"lazy\" decoding=\"async\" class=\"alignnone wp-image-394 size-full\" src=\"http:\/\/alvaralice.org\/wp-content\/uploads\/2016\/06\/parque-soft.jpg\" width=\"287\" height=\"92\" \/><\/li>\n<li><img loading=\"lazy\" decoding=\"async\" class=\"alignnone size-full wp-image-3876\" src=\"https:\/\/www.alvaralice.org\/wp-content\/uploads\/2020\/02\/alvaralice_javeriana.jpg\" alt=\"\" width=\"201\" height=\"105\" \/><\/li>\n<li><img loading=\"lazy\" decoding=\"async\" class=\"alignnone size-full wp-image-3877\" src=\"https:\/\/www.alvaralice.org\/wp-content\/uploads\/2020\/02\/alvaralice_universidad_libre.jpg\" alt=\"\" width=\"295\" height=\"97\" \/><\/li>\n<li><img loading=\"lazy\" decoding=\"async\" class=\"alignnone size-full wp-image-3882\" src=\"https:\/\/www.alvaralice.org\/wp-content\/uploads\/2020\/02\/alvaralice_universidad_autonoma.jpg\" alt=\"\" width=\"201\" height=\"105\" \/><\/li>\n<li><img loading=\"lazy\" decoding=\"async\" class=\"alignnone size-full wp-image-3886\" src=\"https:\/\/www.alvaralice.org\/wp-content\/uploads\/2020\/02\/alvaralice_universidad_san_buenaventura-1.jpg\" alt=\"\" width=\"135\" height=\"105\" \/><\/li>\n<li><img loading=\"lazy\" decoding=\"async\" class=\"alignnone wp-image-395\" src=\"http:\/\/alvaralice.org\/wp-content\/uploads\/2016\/06\/rcn-television.jpg\" width=\"130\" height=\"94\" \/><\/li>\n<li><img loading=\"lazy\" decoding=\"async\" class=\"alignnone wp-image-396\" src=\"http:\/\/alvaralice.org\/wp-content\/uploads\/2016\/06\/sidoc-300x113.jpg\" width=\"250\" height=\"94\" srcset=\"https:\/\/alvaralice.org\/wp-content\/uploads\/sites\/2\/2016\/06\/sidoc-300x113.jpg 300w, https:\/\/alvaralice.org\/wp-content\/uploads\/sites\/2\/2016\/06\/sidoc.jpg 305w\" sizes=\"(max-width: 250px) 100vw, 250px\" \/><\/li>\n<li><img loading=\"lazy\" decoding=\"async\" class=\"alignnone wp-image-397\" src=\"http:\/\/alvaralice.org\/wp-content\/uploads\/2016\/06\/solarte-y-cia-300x102.jpg\" width=\"250\" height=\"85\" srcset=\"https:\/\/alvaralice.org\/wp-content\/uploads\/sites\/2\/2016\/06\/solarte-y-cia-300x102.jpg 300w, https:\/\/alvaralice.org\/wp-content\/uploads\/sites\/2\/2016\/06\/solarte-y-cia.jpg 372w\" sizes=\"(max-width: 250px) 100vw, 250px\" \/><\/li>\n<li><img loading=\"lazy\" decoding=\"async\" class=\"alignnone wp-image-398\" src=\"http:\/\/alvaralice.org\/wp-content\/uploads\/2016\/06\/tecam-300x115.jpg\" width=\"250\" height=\"96\" srcset=\"https:\/\/alvaralice.org\/wp-content\/uploads\/sites\/2\/2016\/06\/tecam-300x115.jpg 300w, https:\/\/alvaralice.org\/wp-content\/uploads\/sites\/2\/2016\/06\/tecam.jpg 313w\" sizes=\"(max-width: 250px) 100vw, 250px\" \/><\/li>\n<li><img loading=\"lazy\" decoding=\"async\" class=\"alignnone wp-image-400\" src=\"http:\/\/alvaralice.org\/wp-content\/uploads\/2016\/06\/verifylab.jpg\" width=\"250\" height=\"119\" \/><\/li>\n<li><img loading=\"lazy\" decoding=\"async\" class=\"alignnone wp-image-380\" src=\"http:\/\/alvaralice.org\/wp-content\/uploads\/2016\/06\/emma-garces.jpg\" width=\"200\" height=\"56\" \/><\/li>\n<li><a href=\"http:\/\/www.naguisabet.com\/site\/\"><img loading=\"lazy\" decoding=\"async\" class=\"alignnone wp-image-393\" src=\"http:\/\/alvaralice.org\/wp-content\/uploads\/2016\/06\/naguit-y-sabet.jpg\" alt=\"\" width=\"200\" height=\"141\" \/><\/a><\/li>\n<li><a href=\"https:\/\/www.argos.co\/\"><img loading=\"lazy\" decoding=\"async\" class=\"alignnone wp-image-379\" src=\"http:\/\/alvaralice.org\/wp-content\/uploads\/2016\/06\/argos.jpg\" alt=\"\" width=\"250\" height=\"135\" \/><\/a><\/li>\n<li><a href=\"https:\/\/www.grupobancolombia.com\/wps\/portal\/acerca-de\/informacion-corporativa\/fundacion-bancolombia\"><img loading=\"lazy\" decoding=\"async\" class=\"alignnone wp-image-381\" src=\"http:\/\/alvaralice.org\/wp-content\/uploads\/2016\/06\/fundacion-bancolombia-300x111.jpg\" alt=\"\" width=\"250\" height=\"93\" srcset=\"https:\/\/alvaralice.org\/wp-content\/uploads\/sites\/2\/2016\/06\/fundacion-bancolombia-300x111.jpg 300w, https:\/\/alvaralice.org\/wp-content\/uploads\/sites\/2\/2016\/06\/fundacion-bancolombia.jpg 375w\" sizes=\"(max-width: 250px) 100vw, 250px\" \/><\/a><\/li>\n<li><a href=\"https:\/\/www.bavaria.co\/fundacion\/conoce-fundacion-bavaria\" target=\"_blank\" rel=\"https:\/\/www.bavaria.co\/fundacion\/conoce-fundacion-bavaria noopener noreferrer\"><img loading=\"lazy\" decoding=\"async\" class=\"alignnone wp-image-2164 size-full\" src=\"https:\/\/alvaralice.org\/wp-content\/uploads\/2016\/06\/fundacion-bavaria-1.jpg\" alt=\"fundacion-bavaria\" width=\"212\" height=\"118\" \/><\/a><\/li>\n<li><a href=\"https:\/\/www.fundacionbolivardavivienda.org\"><img loading=\"lazy\" decoding=\"async\" class=\"alignnone wp-image-383\" src=\"http:\/\/alvaralice.org\/wp-content\/uploads\/2016\/06\/fundacion-bolivar-davivienda.jpg\" alt=\"\" width=\"200\" height=\"111\" \/><\/a><\/li>\n<li><a href=\"https:\/\/www.fundacionwwbcolombia.org\"><img loading=\"lazy\" decoding=\"async\" class=\"alignnone wp-image-2680 size-thumbnail\" src=\"https:\/\/alvaralice.org\/wp-content\/uploads\/2016\/06\/LOGO_VERTICAL_MAIL-150x150.jpg\" alt=\"LOGO_VERTICAL_MAIL\" width=\"150\" height=\"150\" \/><\/a><a href=\"http:\/\/www.fundacioncarvajal.org.co\"><img loading=\"lazy\" decoding=\"async\" class=\"alignnone wp-image-384 size-medium\" src=\"https:\/\/alvaralice.org\/wp-content\/uploads\/2016\/06\/fundacion-carvajal-300x68.jpg\" alt=\"\" width=\"300\" height=\"68\" srcset=\"https:\/\/alvaralice.org\/wp-content\/uploads\/sites\/2\/2016\/06\/fundacion-carvajal-300x68.jpg 300w, https:\/\/alvaralice.org\/wp-content\/uploads\/sites\/2\/2016\/06\/fundacion-carvajal.jpg 516w\" sizes=\"(max-width: 300px) 100vw, 300px\" \/><\/a><\/li>\n<li><a href=\"http:\/\/valledellili.org\"><img loading=\"lazy\" decoding=\"async\" class=\"alignnone wp-image-386\" src=\"http:\/\/alvaralice.org\/wp-content\/uploads\/2016\/06\/fundacion-valle-del-lili.jpg\" alt=\"\" width=\"250\" height=\"89\" \/><\/a><\/li>\n<li><a href=\"http:\/\/fundacionfanalca.org.co\"><img loading=\"lazy\" decoding=\"async\" class=\"alignnone wp-image-2679 size-thumbnail\" src=\"https:\/\/alvaralice.org\/wp-content\/uploads\/2016\/06\/logos-fundacion-aprobado-1-01-150x150.png\" alt=\"logos fundacion aprobado 1-01\" width=\"150\" height=\"150\" \/><\/a><\/li>\n<li><a href=\"https:\/\/fundacionpropal.org\"><img loading=\"lazy\" decoding=\"async\" class=\"alignnone wp-image-389 size-full\" src=\"https:\/\/alvaralice.org\/wp-content\/uploads\/2016\/06\/fundacion-propal.jpg\" alt=\"\" width=\"133\" height=\"105\" \/><\/a><\/li>\n<li><a href=\"https:\/\/www.ramirezmoreno.ong\/\"><img loading=\"lazy\" decoding=\"async\" class=\"alignnone wp-image-388 size-full\" src=\"https:\/\/alvaralice.org\/wp-content\/uploads\/2016\/06\/fundacion-nelly.jpg\" alt=\"\" width=\"150\" height=\"130\" \/><\/a><\/li>\n<li><a href=\"https:\/\/www.funrestrepobarco.org.co\"><img loading=\"lazy\" decoding=\"async\" class=\"alignnone wp-image-387\" src=\"http:\/\/alvaralice.org\/wp-content\/uploads\/2016\/06\/fundacion-antonio-restrepo.jpg\" alt=\"\" width=\"250\" height=\"63\" srcset=\"https:\/\/alvaralice.org\/wp-content\/uploads\/sites\/2\/2016\/06\/fundacion-antonio-restrepo.jpg 364w, https:\/\/alvaralice.org\/wp-content\/uploads\/sites\/2\/2016\/06\/fundacion-antonio-restrepo-300x76.jpg 300w\" sizes=\"(max-width: 250px) 100vw, 250px\" \/><\/a><\/li>\n<li><a href=\"https:\/\/fundacionsmurfitkappa.org.co\"><img loading=\"lazy\" decoding=\"async\" class=\"alignnone wp-image-390 size-full\" src=\"https:\/\/alvaralice.org\/wp-content\/uploads\/2016\/06\/fundacion-smurfit.jpg\" alt=\"\" width=\"238\" height=\"113\" \/><\/a><\/li>\n<li><a href=\"https:\/\/afecolombia.org\/fundacion\/fundacion-spb\/\"><img loading=\"lazy\" decoding=\"async\" class=\"alignnone wp-image-391 size-medium\" src=\"https:\/\/alvaralice.org\/wp-content\/uploads\/2016\/06\/fundacion-sociedad-portuaria-de-buenaventura-300x62.jpg\" alt=\"\" width=\"300\" height=\"62\" srcset=\"https:\/\/alvaralice.org\/wp-content\/uploads\/sites\/2\/2016\/06\/fundacion-sociedad-portuaria-de-buenaventura-300x62.jpg 300w, https:\/\/alvaralice.org\/wp-content\/uploads\/sites\/2\/2016\/06\/fundacion-sociedad-portuaria-de-buenaventura.jpg 446w\" sizes=\"(max-width: 300px) 100vw, 300px\" \/><\/a><\/li>\n<li><a href=\"https:\/\/www.fundacionsura.com\" target=\"_blank\" rel=\"noopener noreferrer\"><img loading=\"lazy\" decoding=\"async\" class=\"alignnone wp-image-392 size-full\" src=\"https:\/\/alvaralice.org\/wp-content\/uploads\/2016\/06\/fundacion-sura.jpg\" alt=\"\" width=\"388\" height=\"90\" srcset=\"https:\/\/alvaralice.org\/wp-content\/uploads\/sites\/2\/2016\/06\/fundacion-sura.jpg 388w, https:\/\/alvaralice.org\/wp-content\/uploads\/sites\/2\/2016\/06\/fundacion-sura-300x70.jpg 300w\" sizes=\"(max-width: 388px) 100vw, 388px\" \/><\/a><\/li>\n<li><a href=\"http:\/\/www.uniminuto.edu\"><img loading=\"lazy\" decoding=\"async\" class=\"alignnone wp-image-399 size-full\" src=\"https:\/\/alvaralice.org\/wp-content\/uploads\/2016\/06\/uniminuto.jpg\" alt=\"\" width=\"169\" height=\"125\" \/><\/a><\/li>\n<li><a href=\"https:\/\/afecolombia.org\/\" target=\"_blank\" rel=\"noopener noreferrer\"><img loading=\"lazy\" decoding=\"async\" class=\"alignnone size-medium wp-image-3721\" src=\"https:\/\/www.alvaralice.org\/wp-content\/uploads\/2019\/12\/logo-afe-300x76.jpg\" alt=\"\" width=\"300\" height=\"76\" \/><\/a><\/li>\n<li><img loading=\"lazy\" decoding=\"async\" class=\"alignnone size-medium wp-image-3893\" src=\"https:\/\/www.alvaralice.org\/wp-content\/uploads\/2020\/02\/alvaralice_fundacion_corona-300x65.jpg\" alt=\"\" width=\"300\" height=\"65\" \/><\/li>\n<li><img loading=\"lazy\" decoding=\"async\" class=\"alignnone size-medium wp-image-3894\" src=\"https:\/\/www.alvaralice.org\/wp-content\/uploads\/2020\/02\/alvaralice_propacifico.jpg\" alt=\"\" width=\"245\" height=\"105\" \/><\/li>\n<\/ul>\n<p>[\/vc_column_text][\/vc_column][\/vc_row]<\/p>\n","protected":false},"excerpt":{"rendered":"<p>[vc_row][vc_column][vc_column_text] Partners public sector &nbsp; Partners international &nbsp; Partners Private Sector [\/vc_column_text][\/vc_column][\/vc_row]<\/p>\n","protected":false},"author":1,"featured_media":0,"parent":7,"menu_order":0,"comment_status":"closed","ping_status":"closed","template":"","meta":{"footnotes":""},"class_list":["post-129","page","type-page","status-publish","hentry"],"acf":[],"yoast_head":"<!-- This site is optimized with the Yoast SEO Premium plugin v20.8 (Yoast SEO v20.8) - https:\/\/yoast.com\/wordpress\/plugins\/seo\/ -->\n<title>Partners - Foundation Alvaralice<\/title>\n<meta name=\"robots\" content=\"index, follow, max-snippet:-1, max-image-preview:large, max-video-preview:-1\" \/>\n<link rel=\"canonical\" href=\"https:\/\/alvaralice.org\/en\/the-foundation\/partners\/\" \/>\n<meta property=\"og:locale\" content=\"en_US\" \/>\n<meta property=\"og:type\" content=\"article\" \/>\n<meta property=\"og:title\" content=\"Partners\" \/>\n<meta property=\"og:description\" content=\"[vc_row][vc_column][vc_column_text] Partners public sector &nbsp; Partners international &nbsp; Partners Private Sector [\/vc_column_text][\/vc_column][\/vc_row]\" \/>\n<meta property=\"og:url\" content=\"https:\/\/alvaralice.org\/en\/the-foundation\/partners\/\" \/>\n<meta property=\"og:site_name\" content=\"Foundation Alvaralice\" \/>\n<meta property=\"article:modified_time\" content=\"2020-02-18T20:55:44+00:00\" \/>\n<meta property=\"og:image\" content=\"https:\/\/alvaralice.org\/wp-content\/uploads\/2016\/06\/presidencia-de-la-republica.jpg\" \/>\n<meta name=\"twitter:card\" content=\"summary_large_image\" \/>\n<script type=\"application\/ld+json\" class=\"yoast-schema-graph\">{\"@context\":\"https:\/\/schema.org\",\"@graph\":[{\"@type\":\"WebPage\",\"@id\":\"https:\/\/alvaralice.org\/en\/the-foundation\/partners\/\",\"url\":\"https:\/\/alvaralice.org\/en\/the-foundation\/partners\/\",\"name\":\"Partners - Foundation Alvaralice\",\"isPartOf\":{\"@id\":\"https:\/\/alvaralice.org\/en\/#website\"},\"datePublished\":\"2016-06-28T21:24:30+00:00\",\"dateModified\":\"2020-02-18T20:55:44+00:00\",\"breadcrumb\":{\"@id\":\"https:\/\/alvaralice.org\/en\/the-foundation\/partners\/#breadcrumb\"},\"inLanguage\":\"en-US\",\"potentialAction\":[{\"@type\":\"ReadAction\",\"target\":[\"https:\/\/alvaralice.org\/en\/the-foundation\/partners\/\"]}]},{\"@type\":\"BreadcrumbList\",\"@id\":\"https:\/\/alvaralice.org\/en\/the-foundation\/partners\/#breadcrumb\",\"itemListElement\":[{\"@type\":\"ListItem\",\"position\":1,\"name\":\"Home\",\"item\":\"https:\/\/alvaralice.org\/en\/\"},{\"@type\":\"ListItem\",\"position\":2,\"name\":\"The foundation\",\"item\":\"https:\/\/alvaralice.org\/en\/the-foundation\/\"},{\"@type\":\"ListItem\",\"position\":3,\"name\":\"Partners\"}]},{\"@type\":\"WebSite\",\"@id\":\"https:\/\/alvaralice.org\/en\/#website\",\"url\":\"https:\/\/alvaralice.org\/en\/\",\"name\":\"Foundation Alvaralice\",\"description\":\"La Fundaci\u00f3n Alvaralice es una entidad de car\u00e1cter privado, sin \u00e1nimo de lucro, creada en el 2003 en Cali\",\"potentialAction\":[{\"@type\":\"SearchAction\",\"target\":{\"@type\":\"EntryPoint\",\"urlTemplate\":\"https:\/\/alvaralice.org\/en\/?s={search_term_string}\"},\"query-input\":\"required name=search_term_string\"}],\"inLanguage\":\"en-US\"}]}<\/script>\n<!-- \/ Yoast SEO Premium plugin. -->","yoast_head_json":{"title":"Partners - Foundation Alvaralice","robots":{"index":"index","follow":"follow","max-snippet":"max-snippet:-1","max-image-preview":"max-image-preview:large","max-video-preview":"max-video-preview:-1"},"canonical":"https:\/\/alvaralice.org\/en\/the-foundation\/partners\/","og_locale":"en_US","og_type":"article","og_title":"Partners","og_description":"[vc_row][vc_column][vc_column_text] Partners public sector &nbsp; Partners international &nbsp; Partners Private Sector [\/vc_column_text][\/vc_column][\/vc_row]","og_url":"https:\/\/alvaralice.org\/en\/the-foundation\/partners\/","og_site_name":"Foundation Alvaralice","article_modified_time":"2020-02-18T20:55:44+00:00","og_image":[{"url":"https:\/\/alvaralice.org\/wp-content\/uploads\/2016\/06\/presidencia-de-la-republica.jpg"}],"twitter_card":"summary_large_image","schema":{"@context":"https:\/\/schema.org","@graph":[{"@type":"WebPage","@id":"https:\/\/alvaralice.org\/en\/the-foundation\/partners\/","url":"https:\/\/alvaralice.org\/en\/the-foundation\/partners\/","name":"Partners - Foundation Alvaralice","isPartOf":{"@id":"https:\/\/alvaralice.org\/en\/#website"},"datePublished":"2016-06-28T21:24:30+00:00","dateModified":"2020-02-18T20:55:44+00:00","breadcrumb":{"@id":"https:\/\/alvaralice.org\/en\/the-foundation\/partners\/#breadcrumb"},"inLanguage":"en-US","potentialAction":[{"@type":"ReadAction","target":["https:\/\/alvaralice.org\/en\/the-foundation\/partners\/"]}]},{"@type":"BreadcrumbList","@id":"https:\/\/alvaralice.org\/en\/the-foundation\/partners\/#breadcrumb","itemListElement":[{"@type":"ListItem","position":1,"name":"Home","item":"https:\/\/alvaralice.org\/en\/"},{"@type":"ListItem","position":2,"name":"The foundation","item":"https:\/\/alvaralice.org\/en\/the-foundation\/"},{"@type":"ListItem","position":3,"name":"Partners"}]},{"@type":"WebSite","@id":"https:\/\/alvaralice.org\/en\/#website","url":"https:\/\/alvaralice.org\/en\/","name":"Foundation Alvaralice","description":"La Fundaci\u00f3n Alvaralice es una entidad de car\u00e1cter privado, sin \u00e1nimo de lucro, creada en el 2003 en Cali","potentialAction":[{"@type":"SearchAction","target":{"@type":"EntryPoint","urlTemplate":"https:\/\/alvaralice.org\/en\/?s={search_term_string}"},"query-input":"required name=search_term_string"}],"inLanguage":"en-US"}]}},"_links":{"self":[{"href":"https:\/\/alvaralice.org\/en\/wp-json\/wp\/v2\/pages\/129","targetHints":{"allow":["GET"]}}],"collection":[{"href":"https:\/\/alvaralice.org\/en\/wp-json\/wp\/v2\/pages"}],"about":[{"href":"https:\/\/alvaralice.org\/en\/wp-json\/wp\/v2\/types\/page"}],"author":[{"embeddable":true,"href":"https:\/\/alvaralice.org\/en\/wp-json\/wp\/v2\/users\/1"}],"replies":[{"embeddable":true,"href":"https:\/\/alvaralice.org\/en\/wp-json\/wp\/v2\/comments?post=129"}],"version-history":[{"count":50,"href":"https:\/\/alvaralice.org\/en\/wp-json\/wp\/v2\/pages\/129\/revisions"}],"predecessor-version":[{"id":2925,"href":"https:\/\/alvaralice.org\/en\/wp-json\/wp\/v2\/pages\/129\/revisions\/2925"}],"up":[{"embeddable":true,"href":"https:\/\/alvaralice.org\/en\/wp-json\/wp\/v2\/pages\/7"}],"wp:attachment":[{"href":"https:\/\/alvaralice.org\/en\/wp-json\/wp\/v2\/media?parent=129"}],"curies":[{"name":"wp","href":"https:\/\/api.w.org\/{rel}","templated":true}]}}