{"id":131,"date":"2016-06-28T21:24:43","date_gmt":"2016-06-28T21:24:43","guid":{"rendered":"http:\/\/www.mindsas.com\/alvaralice-wp\/?page_id=131"},"modified":"2017-04-21T17:02:37","modified_gmt":"2017-04-21T17:02:37","slug":"recognitions","status":"publish","type":"page","link":"https:\/\/alvaralice.org\/en\/the-foundation\/recognitions\/","title":{"rendered":"Recognitions"},"content":{"rendered":"<p>[vc_row][vc_column][vc_column_text]<\/p>\n<h3>Acknowledgements<\/h3>\n<h3>2012<\/h3>\n<p>Bicentennial Medal granted by the City Council of Santiago de Cali.<\/p>\n\n\t\t<style type=\"text\/css\">\n\t\t\t#gallery-1 {\n\t\t\t\tmargin: auto;\n\t\t\t}\n\t\t\t#gallery-1 .gallery-item {\n\t\t\t\tfloat: left;\n\t\t\t\tmargin-top: 10px;\n\t\t\t\ttext-align: center;\n\t\t\t\twidth: 33%;\n\t\t\t}\n\t\t\t#gallery-1 img {\n\t\t\t\tborder: 2px solid #cfcfcf;\n\t\t\t}\n\t\t\t#gallery-1 .gallery-caption {\n\t\t\t\tmargin-left: 0;\n\t\t\t}\n\t\t\t\/* see gallery_shortcode() in wp-includes\/media.php *\/\n\t\t<\/style>\n\t\t<div id='gallery-1' class='gallery galleryid-131 gallery-columns-3 gallery-size-large'><dl class='gallery-item'>\n\t\t\t<dt class='gallery-icon landscape'>\n\t\t\t\t<a href='https:\/\/alvaralice.org\/wp-content\/uploads\/sites\/2\/2016\/06\/Medalla-Bicentenario-4.jpg'><img fetchpriority=\"high\" decoding=\"async\" width=\"800\" height=\"527\" src=\"https:\/\/alvaralice.org\/wp-content\/uploads\/sites\/2\/2016\/06\/Medalla-Bicentenario-4.jpg\" class=\"attachment-large size-large\" alt=\"\" srcset=\"https:\/\/alvaralice.org\/wp-content\/uploads\/sites\/2\/2016\/06\/Medalla-Bicentenario-4.jpg 800w, https:\/\/alvaralice.org\/wp-content\/uploads\/sites\/2\/2016\/06\/Medalla-Bicentenario-4-300x198.jpg 300w, https:\/\/alvaralice.org\/wp-content\/uploads\/sites\/2\/2016\/06\/Medalla-Bicentenario-4-768x506.jpg 768w\" sizes=\"(max-width: 800px) 100vw, 800px\" \/><\/a>\n\t\t\t<\/dt><\/dl><dl class='gallery-item'>\n\t\t\t<dt class='gallery-icon landscape'>\n\t\t\t\t<a href='https:\/\/alvaralice.org\/wp-content\/uploads\/sites\/2\/2016\/06\/Medalla-Bicentenario-1.jpg'><img decoding=\"async\" width=\"800\" height=\"493\" src=\"https:\/\/alvaralice.org\/wp-content\/uploads\/sites\/2\/2016\/06\/Medalla-Bicentenario-1.jpg\" class=\"attachment-large size-large\" alt=\"\" srcset=\"https:\/\/alvaralice.org\/wp-content\/uploads\/sites\/2\/2016\/06\/Medalla-Bicentenario-1.jpg 800w, https:\/\/alvaralice.org\/wp-content\/uploads\/sites\/2\/2016\/06\/Medalla-Bicentenario-1-300x185.jpg 300w, https:\/\/alvaralice.org\/wp-content\/uploads\/sites\/2\/2016\/06\/Medalla-Bicentenario-1-768x473.jpg 768w\" sizes=\"(max-width: 800px) 100vw, 800px\" \/><\/a>\n\t\t\t<\/dt><\/dl><dl class='gallery-item'>\n\t\t\t<dt class='gallery-icon landscape'>\n\t\t\t\t<a href='https:\/\/alvaralice.org\/wp-content\/uploads\/sites\/2\/2016\/06\/Medalla-Bicentenario-2.jpg'><img decoding=\"async\" width=\"800\" height=\"504\" src=\"https:\/\/alvaralice.org\/wp-content\/uploads\/sites\/2\/2016\/06\/Medalla-Bicentenario-2.jpg\" class=\"attachment-large size-large\" alt=\"\" srcset=\"https:\/\/alvaralice.org\/wp-content\/uploads\/sites\/2\/2016\/06\/Medalla-Bicentenario-2.jpg 800w, https:\/\/alvaralice.org\/wp-content\/uploads\/sites\/2\/2016\/06\/Medalla-Bicentenario-2-300x189.jpg 300w, https:\/\/alvaralice.org\/wp-content\/uploads\/sites\/2\/2016\/06\/Medalla-Bicentenario-2-768x484.jpg 768w\" sizes=\"(max-width: 800px) 100vw, 800px\" \/><\/a>\n\t\t\t<\/dt><\/dl><br style=\"clear: both\" \/>\n\t\t<\/div>\n\n<h3>2009<\/h3>\n<p>Order of Democracy Simon Bolivar Cruz Grado Comendador granted by the Congress.<\/p>\n\n\t\t<style type=\"text\/css\">\n\t\t\t#gallery-2 {\n\t\t\t\tmargin: auto;\n\t\t\t}\n\t\t\t#gallery-2 .gallery-item {\n\t\t\t\tfloat: left;\n\t\t\t\tmargin-top: 10px;\n\t\t\t\ttext-align: center;\n\t\t\t\twidth: 33%;\n\t\t\t}\n\t\t\t#gallery-2 img {\n\t\t\t\tborder: 2px solid #cfcfcf;\n\t\t\t}\n\t\t\t#gallery-2 .gallery-caption {\n\t\t\t\tmargin-left: 0;\n\t\t\t}\n\t\t\t\/* see gallery_shortcode() in wp-includes\/media.php *\/\n\t\t<\/style>\n\t\t<div id='gallery-2' class='gallery galleryid-131 gallery-columns-3 gallery-size-large'><dl class='gallery-item'>\n\t\t\t<dt class='gallery-icon landscape'>\n\t\t\t\t<a href='https:\/\/alvaralice.org\/wp-content\/uploads\/sites\/2\/2016\/06\/Orden-a-la-democracia-Simon-Bolivar-1.jpg'><img loading=\"lazy\" decoding=\"async\" width=\"800\" height=\"532\" src=\"https:\/\/alvaralice.org\/wp-content\/uploads\/sites\/2\/2016\/06\/Orden-a-la-democracia-Simon-Bolivar-1.jpg\" class=\"attachment-large size-large\" alt=\"\" srcset=\"https:\/\/alvaralice.org\/wp-content\/uploads\/sites\/2\/2016\/06\/Orden-a-la-democracia-Simon-Bolivar-1.jpg 800w, https:\/\/alvaralice.org\/wp-content\/uploads\/sites\/2\/2016\/06\/Orden-a-la-democracia-Simon-Bolivar-1-300x200.jpg 300w, https:\/\/alvaralice.org\/wp-content\/uploads\/sites\/2\/2016\/06\/Orden-a-la-democracia-Simon-Bolivar-1-768x511.jpg 768w\" sizes=\"(max-width: 800px) 100vw, 800px\" \/><\/a>\n\t\t\t<\/dt><\/dl><dl class='gallery-item'>\n\t\t\t<dt class='gallery-icon landscape'>\n\t\t\t\t<a href='https:\/\/alvaralice.org\/wp-content\/uploads\/sites\/2\/2016\/06\/Orden-a-la-democracia-Simon-Bolivar-2.jpg'><img loading=\"lazy\" decoding=\"async\" width=\"800\" height=\"532\" src=\"https:\/\/alvaralice.org\/wp-content\/uploads\/sites\/2\/2016\/06\/Orden-a-la-democracia-Simon-Bolivar-2.jpg\" class=\"attachment-large size-large\" alt=\"\" srcset=\"https:\/\/alvaralice.org\/wp-content\/uploads\/sites\/2\/2016\/06\/Orden-a-la-democracia-Simon-Bolivar-2.jpg 800w, https:\/\/alvaralice.org\/wp-content\/uploads\/sites\/2\/2016\/06\/Orden-a-la-democracia-Simon-Bolivar-2-300x200.jpg 300w, https:\/\/alvaralice.org\/wp-content\/uploads\/sites\/2\/2016\/06\/Orden-a-la-democracia-Simon-Bolivar-2-768x511.jpg 768w\" sizes=\"(max-width: 800px) 100vw, 800px\" \/><\/a>\n\t\t\t<\/dt><\/dl><dl class='gallery-item'>\n\t\t\t<dt class='gallery-icon landscape'>\n\t\t\t\t<a href='https:\/\/alvaralice.org\/wp-content\/uploads\/sites\/2\/2016\/06\/Orden-a-la-democracia-Simon-Bolivar-3.jpg'><img loading=\"lazy\" decoding=\"async\" width=\"800\" height=\"532\" src=\"https:\/\/alvaralice.org\/wp-content\/uploads\/sites\/2\/2016\/06\/Orden-a-la-democracia-Simon-Bolivar-3.jpg\" class=\"attachment-large size-large\" alt=\"\" srcset=\"https:\/\/alvaralice.org\/wp-content\/uploads\/sites\/2\/2016\/06\/Orden-a-la-democracia-Simon-Bolivar-3.jpg 800w, https:\/\/alvaralice.org\/wp-content\/uploads\/sites\/2\/2016\/06\/Orden-a-la-democracia-Simon-Bolivar-3-300x200.jpg 300w, https:\/\/alvaralice.org\/wp-content\/uploads\/sites\/2\/2016\/06\/Orden-a-la-democracia-Simon-Bolivar-3-768x511.jpg 768w\" sizes=\"(max-width: 800px) 100vw, 800px\" \/><\/a>\n\t\t\t<\/dt><\/dl><br style=\"clear: both\" \/>\n\t\t<\/div>\n\n<h3>2009<\/h3>\n<p>Order of the Confederated Cities granted by the Government of Valle del Cauca.<\/p>\n\n\t\t<style type=\"text\/css\">\n\t\t\t#gallery-3 {\n\t\t\t\tmargin: auto;\n\t\t\t}\n\t\t\t#gallery-3 .gallery-item {\n\t\t\t\tfloat: left;\n\t\t\t\tmargin-top: 10px;\n\t\t\t\ttext-align: center;\n\t\t\t\twidth: 33%;\n\t\t\t}\n\t\t\t#gallery-3 img {\n\t\t\t\tborder: 2px solid #cfcfcf;\n\t\t\t}\n\t\t\t#gallery-3 .gallery-caption {\n\t\t\t\tmargin-left: 0;\n\t\t\t}\n\t\t\t\/* see gallery_shortcode() in wp-includes\/media.php *\/\n\t\t<\/style>\n\t\t<div id='gallery-3' class='gallery galleryid-131 gallery-columns-3 gallery-size-large'><dl class='gallery-item'>\n\t\t\t<dt class='gallery-icon landscape'>\n\t\t\t\t<a href='https:\/\/alvaralice.org\/wp-content\/uploads\/sites\/2\/2016\/06\/Confederadas3.jpg'><img loading=\"lazy\" decoding=\"async\" width=\"800\" height=\"549\" src=\"https:\/\/alvaralice.org\/wp-content\/uploads\/sites\/2\/2016\/06\/Confederadas3.jpg\" class=\"attachment-large size-large\" alt=\"\" srcset=\"https:\/\/alvaralice.org\/wp-content\/uploads\/sites\/2\/2016\/06\/Confederadas3.jpg 800w, https:\/\/alvaralice.org\/wp-content\/uploads\/sites\/2\/2016\/06\/Confederadas3-300x206.jpg 300w, https:\/\/alvaralice.org\/wp-content\/uploads\/sites\/2\/2016\/06\/Confederadas3-768x527.jpg 768w\" sizes=\"(max-width: 800px) 100vw, 800px\" \/><\/a>\n\t\t\t<\/dt><\/dl><dl class='gallery-item'>\n\t\t\t<dt class='gallery-icon landscape'>\n\t\t\t\t<a href='https:\/\/alvaralice.org\/wp-content\/uploads\/sites\/2\/2016\/06\/Confederadas2.jpg'><img loading=\"lazy\" decoding=\"async\" width=\"800\" height=\"567\" src=\"https:\/\/alvaralice.org\/wp-content\/uploads\/sites\/2\/2016\/06\/Confederadas2.jpg\" class=\"attachment-large size-large\" alt=\"\" srcset=\"https:\/\/alvaralice.org\/wp-content\/uploads\/sites\/2\/2016\/06\/Confederadas2.jpg 800w, https:\/\/alvaralice.org\/wp-content\/uploads\/sites\/2\/2016\/06\/Confederadas2-300x213.jpg 300w, https:\/\/alvaralice.org\/wp-content\/uploads\/sites\/2\/2016\/06\/Confederadas2-768x544.jpg 768w\" sizes=\"(max-width: 800px) 100vw, 800px\" \/><\/a>\n\t\t\t<\/dt><\/dl><dl class='gallery-item'>\n\t\t\t<dt class='gallery-icon landscape'>\n\t\t\t\t<a href='https:\/\/alvaralice.org\/wp-content\/uploads\/sites\/2\/2016\/06\/Confederadas1.jpg'><img loading=\"lazy\" decoding=\"async\" width=\"790\" height=\"538\" src=\"https:\/\/alvaralice.org\/wp-content\/uploads\/sites\/2\/2016\/06\/Confederadas1.jpg\" class=\"attachment-large size-large\" alt=\"\" srcset=\"https:\/\/alvaralice.org\/wp-content\/uploads\/sites\/2\/2016\/06\/Confederadas1.jpg 790w, https:\/\/alvaralice.org\/wp-content\/uploads\/sites\/2\/2016\/06\/Confederadas1-300x204.jpg 300w, https:\/\/alvaralice.org\/wp-content\/uploads\/sites\/2\/2016\/06\/Confederadas1-768x523.jpg 768w\" sizes=\"(max-width: 790px) 100vw, 790px\" \/><\/a>\n\t\t\t<\/dt><\/dl><br style=\"clear: both\" \/>\n\t\t<\/div>\n\n<p>[\/vc_column_text][\/vc_column][\/vc_row]<\/p>\n","protected":false},"excerpt":{"rendered":"<p>[vc_row][vc_column][vc_column_text] Acknowledgements 2012 Bicentennial Medal granted by the City Council of Santiago de Cali. 2009 Order of Democracy Simon Bolivar Cruz Grado Comendador granted by the Congress. 2009 Order of the Confederated Cities granted by the Government of Valle del Cauca. [\/vc_column_text][\/vc_column][\/vc_row]<\/p>\n","protected":false},"author":1,"featured_media":0,"parent":7,"menu_order":0,"comment_status":"closed","ping_status":"closed","template":"","meta":{"footnotes":""},"class_list":["post-131","page","type-page","status-publish","hentry"],"acf":[],"yoast_head":"<!-- This site is optimized with the Yoast SEO Premium plugin v20.8 (Yoast SEO v20.8) - https:\/\/yoast.com\/wordpress\/plugins\/seo\/ -->\n<title>Recognitions - Foundation Alvaralice<\/title>\n<meta name=\"robots\" content=\"index, follow, max-snippet:-1, max-image-preview:large, max-video-preview:-1\" \/>\n<link rel=\"canonical\" href=\"https:\/\/alvaralice.org\/en\/the-foundation\/recognitions\/\" \/>\n<meta property=\"og:locale\" content=\"en_US\" \/>\n<meta property=\"og:type\" content=\"article\" \/>\n<meta property=\"og:title\" content=\"Recognitions\" \/>\n<meta property=\"og:description\" content=\"[vc_row][vc_column][vc_column_text] Acknowledgements 2012 Bicentennial Medal granted by the City Council of Santiago de Cali. 2009 Order of Democracy Simon Bolivar Cruz Grado Comendador granted by the Congress. 2009 Order of the Confederated Cities granted by the Government of Valle del Cauca. [\/vc_column_text][\/vc_column][\/vc_row]\" \/>\n<meta property=\"og:url\" content=\"https:\/\/alvaralice.org\/en\/the-foundation\/recognitions\/\" \/>\n<meta property=\"og:site_name\" content=\"Foundation Alvaralice\" \/>\n<meta property=\"article:modified_time\" content=\"2017-04-21T17:02:37+00:00\" \/>\n<meta name=\"twitter:card\" content=\"summary_large_image\" \/>\n<script type=\"application\/ld+json\" class=\"yoast-schema-graph\">{\"@context\":\"https:\/\/schema.org\",\"@graph\":[{\"@type\":\"WebPage\",\"@id\":\"https:\/\/alvaralice.org\/en\/the-foundation\/recognitions\/\",\"url\":\"https:\/\/alvaralice.org\/en\/the-foundation\/recognitions\/\",\"name\":\"Recognitions - Foundation Alvaralice\",\"isPartOf\":{\"@id\":\"https:\/\/alvaralice.org\/en\/#website\"},\"datePublished\":\"2016-06-28T21:24:43+00:00\",\"dateModified\":\"2017-04-21T17:02:37+00:00\",\"breadcrumb\":{\"@id\":\"https:\/\/alvaralice.org\/en\/the-foundation\/recognitions\/#breadcrumb\"},\"inLanguage\":\"en-US\",\"potentialAction\":[{\"@type\":\"ReadAction\",\"target\":[\"https:\/\/alvaralice.org\/en\/the-foundation\/recognitions\/\"]}]},{\"@type\":\"BreadcrumbList\",\"@id\":\"https:\/\/alvaralice.org\/en\/the-foundation\/recognitions\/#breadcrumb\",\"itemListElement\":[{\"@type\":\"ListItem\",\"position\":1,\"name\":\"Home\",\"item\":\"https:\/\/alvaralice.org\/en\/\"},{\"@type\":\"ListItem\",\"position\":2,\"name\":\"The foundation\",\"item\":\"https:\/\/alvaralice.org\/en\/the-foundation\/\"},{\"@type\":\"ListItem\",\"position\":3,\"name\":\"Recognitions\"}]},{\"@type\":\"WebSite\",\"@id\":\"https:\/\/alvaralice.org\/en\/#website\",\"url\":\"https:\/\/alvaralice.org\/en\/\",\"name\":\"Foundation Alvaralice\",\"description\":\"La Fundaci\u00f3n Alvaralice es una entidad de car\u00e1cter privado, sin \u00e1nimo de lucro, creada en el 2003 en Cali\",\"potentialAction\":[{\"@type\":\"SearchAction\",\"target\":{\"@type\":\"EntryPoint\",\"urlTemplate\":\"https:\/\/alvaralice.org\/en\/?s={search_term_string}\"},\"query-input\":\"required name=search_term_string\"}],\"inLanguage\":\"en-US\"}]}<\/script>\n<!-- \/ Yoast SEO Premium plugin. -->","yoast_head_json":{"title":"Recognitions - Foundation Alvaralice","robots":{"index":"index","follow":"follow","max-snippet":"max-snippet:-1","max-image-preview":"max-image-preview:large","max-video-preview":"max-video-preview:-1"},"canonical":"https:\/\/alvaralice.org\/en\/the-foundation\/recognitions\/","og_locale":"en_US","og_type":"article","og_title":"Recognitions","og_description":"[vc_row][vc_column][vc_column_text] Acknowledgements 2012 Bicentennial Medal granted by the City Council of Santiago de Cali. 2009 Order of Democracy Simon Bolivar Cruz Grado Comendador granted by the Congress. 2009 Order of the Confederated Cities granted by the Government of Valle del Cauca. [\/vc_column_text][\/vc_column][\/vc_row]","og_url":"https:\/\/alvaralice.org\/en\/the-foundation\/recognitions\/","og_site_name":"Foundation Alvaralice","article_modified_time":"2017-04-21T17:02:37+00:00","twitter_card":"summary_large_image","schema":{"@context":"https:\/\/schema.org","@graph":[{"@type":"WebPage","@id":"https:\/\/alvaralice.org\/en\/the-foundation\/recognitions\/","url":"https:\/\/alvaralice.org\/en\/the-foundation\/recognitions\/","name":"Recognitions - Foundation Alvaralice","isPartOf":{"@id":"https:\/\/alvaralice.org\/en\/#website"},"datePublished":"2016-06-28T21:24:43+00:00","dateModified":"2017-04-21T17:02:37+00:00","breadcrumb":{"@id":"https:\/\/alvaralice.org\/en\/the-foundation\/recognitions\/#breadcrumb"},"inLanguage":"en-US","potentialAction":[{"@type":"ReadAction","target":["https:\/\/alvaralice.org\/en\/the-foundation\/recognitions\/"]}]},{"@type":"BreadcrumbList","@id":"https:\/\/alvaralice.org\/en\/the-foundation\/recognitions\/#breadcrumb","itemListElement":[{"@type":"ListItem","position":1,"name":"Home","item":"https:\/\/alvaralice.org\/en\/"},{"@type":"ListItem","position":2,"name":"The foundation","item":"https:\/\/alvaralice.org\/en\/the-foundation\/"},{"@type":"ListItem","position":3,"name":"Recognitions"}]},{"@type":"WebSite","@id":"https:\/\/alvaralice.org\/en\/#website","url":"https:\/\/alvaralice.org\/en\/","name":"Foundation Alvaralice","description":"La Fundaci\u00f3n Alvaralice es una entidad de car\u00e1cter privado, sin \u00e1nimo de lucro, creada en el 2003 en Cali","potentialAction":[{"@type":"SearchAction","target":{"@type":"EntryPoint","urlTemplate":"https:\/\/alvaralice.org\/en\/?s={search_term_string}"},"query-input":"required name=search_term_string"}],"inLanguage":"en-US"}]}},"_links":{"self":[{"href":"https:\/\/alvaralice.org\/en\/wp-json\/wp\/v2\/pages\/131","targetHints":{"allow":["GET"]}}],"collection":[{"href":"https:\/\/alvaralice.org\/en\/wp-json\/wp\/v2\/pages"}],"about":[{"href":"https:\/\/alvaralice.org\/en\/wp-json\/wp\/v2\/types\/page"}],"author":[{"embeddable":true,"href":"https:\/\/alvaralice.org\/en\/wp-json\/wp\/v2\/users\/1"}],"replies":[{"embeddable":true,"href":"https:\/\/alvaralice.org\/en\/wp-json\/wp\/v2\/comments?post=131"}],"version-history":[{"count":23,"href":"https:\/\/alvaralice.org\/en\/wp-json\/wp\/v2\/pages\/131\/revisions"}],"predecessor-version":[{"id":1952,"href":"https:\/\/alvaralice.org\/en\/wp-json\/wp\/v2\/pages\/131\/revisions\/1952"}],"up":[{"embeddable":true,"href":"https:\/\/alvaralice.org\/en\/wp-json\/wp\/v2\/pages\/7"}],"wp:attachment":[{"href":"https:\/\/alvaralice.org\/en\/wp-json\/wp\/v2\/media?parent=131"}],"curies":[{"name":"wp","href":"https:\/\/api.w.org\/{rel}","templated":true}]}}